{"id":409,"date":"2017-11-08T18:10:14","date_gmt":"2017-11-08T17:10:14","guid":{"rendered":"http:\/\/asti71.org\/?page_id=409"},"modified":"2025-10-31T12:15:44","modified_gmt":"2025-10-31T11:15:44","slug":"statuts-de-lassociation","status":"publish","type":"page","link":"https:\/\/asti71.org\/index.php\/lasti\/statuts-de-lassociation\/","title":{"rendered":"Statuts de l&rsquo;association"},"content":{"rendered":"<p class=\"western\"><strong><span style=\"font-family: arial,helvetica,sans-serif;\">Article 1\u00a0: Fondation<\/span><\/strong><\/p>\n<p class=\"western\"><span style=\"font-family: arial,helvetica,sans-serif;\">Conform\u00e9ment \u00e0 la loi du 1<sup>er<\/sup> juillet 1901 et au d\u00e9cret du 16 ao\u00fbt 1901, il est fond\u00e9 entre les adh\u00e9rents aux pr\u00e9sents statuts, une association sans but lucratif, \u00e0 dur\u00e9e limit\u00e9e.<\/span><\/p>\n<p class=\"western\"><strong><span style=\"font-family: arial,helvetica,sans-serif;\">Article 2\u00a0: Titre et si\u00e8ge social<\/span><\/strong><\/p>\n<p class=\"western\"><span style=\"font-family: arial,helvetica,sans-serif;\">Cette association prend le titre\u00a0:<\/span><\/p>\n<p class=\"western\"><span style=\"font-family: arial,helvetica,sans-serif;\">l\u2019Association de Solidarit\u00e9s avec Tou-te-s les Immigr\u00e9-e-s d\u00e9sign\u00e9e ci-apr\u00e8s ASTI. <\/span><br \/>\n<span style=\"font-family: arial,helvetica,sans-serif;\">Son si\u00e8ge social est fix\u00e9 \u00e0 Chalon-sur-Sa\u00f4ne, 2 cours Marcel Pagnol et peut \u00eatre transf\u00e9r\u00e9 sur d\u00e9cision du Conseil d\u2019Administration \u00e0 la majorit\u00e9 des deux tiers.<\/span><\/p>\n<p class=\"western\"><strong><span style=\"font-family: arial,helvetica,sans-serif;\">Article 3\u00a0: Buts<\/span><\/strong><\/p>\n<ul>\n<li><span style=\"font-family: arial,helvetica,sans-serif;\">Agir avec les immigr\u00e9s pour la promotion humaine et sociale des immigr\u00e9s et de leurs familles r\u00e9sidant en France, dans le respect de leur culture ethnique, en excluant toute discrimination d\u2019origine, de nationalit\u00e9, et d\u2019opinion politique, philosophique ou religieuse<\/span><\/li>\n<li><span style=\"font-family: arial,helvetica,sans-serif;\">Collaborer avec toutes les personnes physiques ou morales, nationales ou \u00e9trang\u00e8res, dans toutes actions visant \u00e0 l\u2019am\u00e9lioration, sous tous ses aspects, des conditions de vie des immigr\u00e9s dans la communaut\u00e9 fran\u00e7aise<\/span><\/li>\n<li><span style=\"font-family: arial,helvetica,sans-serif;\">assurer aupr\u00e8s des pouvoirs publics toutes interventions jug\u00e9es utiles localement (r\u00e9gion, d\u00e9partement, communaut\u00e9 de communes, commune, quartier)<\/span><\/li>\n<li><span style=\"font-family: arial,helvetica,sans-serif;\">agir localement en vue de sensibiliser l\u2019opinion publique \u00e0 la situation des immigr\u00e9s et d\u2019obtenir son appui dans les interventions entreprises \u00e0 cet \u00e9gard<\/span><\/li>\n<li><span style=\"font-family: arial,helvetica,sans-serif;\">lutter contre toutes les formes de discrimination comme pr\u00e9vu dans la loi<\/span><\/li>\n<li><span style=\"font-family: arial,helvetica,sans-serif;\">\u00eatre sous des formes adapt\u00e9es, en lien direct avec des immigr\u00e9s, cela \u00e9tant habituellement n\u00e9cessaire \u00e0 une connaissance de leur vie et de leurs probl\u00e8mes<\/span><\/li>\n<\/ul>\n<p class=\"western\"><strong><span style=\"font-family: arial,helvetica,sans-serif;\">Article 4\u00a0: Adh\u00e9rents et membres<\/span><\/strong><\/p>\n<p class=\"western\"><span style=\"font-family: arial,helvetica,sans-serif;\">L\u2019ASTI se compose des personnes qui adh\u00e8rent aux pr\u00e9sents statuts. <\/span><br \/>\n<span style=\"font-family: arial,helvetica,sans-serif;\">Peut \u00eatre membre\u00a0: toute personne versant sa cotisation annuelle fix\u00e9e par l\u2019Assembl\u00e9e G\u00e9n\u00e9rale.<\/span><\/p>\n<p class=\"western\"><span style=\"font-family: arial,helvetica,sans-serif;\">Toute personne de nationalit\u00e9 \u00e9trang\u00e8re peut \u00eatre membre de l\u2019ASTI<\/span><\/p>\n<p class=\"western\"><strong><span style=\"font-family: arial, helvetica, sans-serif;\">Article 5\u00a0: Perte de qualit\u00e9<\/span><\/strong><\/p>\n<p class=\"western\"><span style=\"font-family: arial,helvetica,sans-serif;\">La qualit\u00e9 de membre se perd par le d\u00e9c\u00e8s ou la d\u00e9mission.<\/span><\/p>\n<p class=\"western\"><span style=\"font-family: arial,helvetica,sans-serif;\">Elle se perd aussi par la radiation qui peut \u00eatre prononc\u00e9e par le Conseil d\u2019Administration pour manquements graves aux pr\u00e9sents statuts, l\u2019int\u00e9ress\u00e9 \u00e9tant entendu. Dans ce cas, le Conseil d\u2019Administration prend la d\u00e9cision \u00e0 la majorit\u00e9 absolue, apr\u00e8s d\u00e9lib\u00e9ration, l\u2019int\u00e9ress\u00e9 s\u2019\u00e9tant retir\u00e9.<\/span><\/p>\n<p class=\"western\"><strong><span style=\"font-family: arial,helvetica,sans-serif;\">Article 6\u00a0: Ressources-gestion-patrimoine<\/span><\/strong><\/p>\n<p class=\"western\"><span style=\"font-family: arial,helvetica,sans-serif;\">Les ressources de l\u2019ASTI proviennent\u00a0:<\/span><\/p>\n<ul>\n<li><span style=\"font-family: arial,helvetica,sans-serif;\">des cotisations de ses membres<\/span><\/li>\n<li><span style=\"font-family: arial,helvetica,sans-serif;\">des subventions des pouvoirs publics et des collectivit\u00e9s locales<\/span><\/li>\n<li><span style=\"font-family: arial,helvetica,sans-serif;\">d\u2019une fa\u00e7on g\u00e9n\u00e9rale de toutes ressources permises par la loi, avec l\u2019agr\u00e9ment si n\u00e9cessaire de l\u2019autorit\u00e9 comp\u00e9tente<\/span><\/li>\n<\/ul>\n<p class=\"western\"><span style=\"font-family: arial,helvetica,sans-serif;\">La gestion financi\u00e8re est assur\u00e9e dans le cadre d\u2019un budget pr\u00e9visionnel vot\u00e9 par le Conseil d\u2019Administration avant l\u2019exercice et d\u2019un bilan financier de fin d\u2019exercice.<\/span><\/p>\n<p class=\"western\"><span style=\"font-family: arial,helvetica,sans-serif;\">Le patrimoine de l\u2019ASTI r\u00e9pond seul des engagements contract\u00e9s en son nom et les membres ne peuvent en aucun cas \u00eatre personnellement responsables.<\/span><\/p>\n<p class=\"western\"><strong><span style=\"font-family: arial,helvetica,sans-serif;\">Article 7\u00a0: Conseil d\u2019Administration<\/span><\/strong><\/p>\n<p class=\"western\"><span style=\"font-family: arial,helvetica,sans-serif;\">L\u2019ASTI est dirig\u00e9e par un Conseil d\u2019Administration compos\u00e9 au minimum de 6 membres, jouissant de leurs droits civiques, \u00e9lus par l\u2019Assembl\u00e9e G\u00e9n\u00e9rale pour un mandat d\u2019un an. Tout membre sortant est r\u00e9\u00e9ligible. <\/span><br \/>\n<span style=\"font-family: arial,helvetica,sans-serif;\">En cas d\u2019\u00e9largissement n\u00e9cessaire, le Conseil d\u2019Administration y pourvoira \u00e0 condition que la ratification des nouveaux membres soit faite \u00e0 l\u2019Assembl\u00e9e G\u00e9n\u00e9rale ordinaire suivante. Ceux-ci, en attendant, ont voix consultative. La dur\u00e9e du mandat est celle du si\u00e8ge pourvu \u00e0 dater de la ratification qui leur donne voix d\u00e9lib\u00e9rative.<\/span><\/p>\n<p class=\"western\"><span style=\"font-family: arial,helvetica,sans-serif;\">Le Conseil d\u2019Administration peut s\u2019adjoindre des conseillers techniques, fran\u00e7ais ou \u00e9trangers qui, \u00e0 ce titre, participent \u00e0 ses r\u00e9unions chaque fois que besoin, de m\u00eame pour le bureau et les commissions.<\/span><\/p>\n<p class=\"western\"><strong><span style=\"font-family: arial,helvetica,sans-serif;\">Article 8\u00a0: le bureau<\/span><\/strong><\/p>\n<p class=\"western\"><span style=\"font-family: arial,helvetica,sans-serif;\">Le Conseil d\u2019Administration d\u00e9signe en son sein un bureau compos\u00e9 au minimum de\u00a0:<\/span><\/p>\n<ul>\n<li><span style=\"font-family: arial,helvetica,sans-serif;\">un pr\u00e9sident et \u00e9ventuellement un ou plusieurs vice-pr\u00e9sidents,<\/span><\/li>\n<li><span style=\"font-family: arial,helvetica,sans-serif;\">un secr\u00e9taire et si besoin un secr\u00e9taire adjoint<\/span><\/li>\n<li><span style=\"font-family: arial,helvetica,sans-serif;\">un tr\u00e9sorier et si besoin un tr\u00e9sorier adjoint<\/span><\/li>\n<\/ul>\n<p class=\"western\"><span style=\"font-family: arial,helvetica,sans-serif;\">Le bureau se r\u00e9unit sur convocation de son pr\u00e9sident autant que n\u00e9cessaire, il g\u00e8re l\u2019ASTI pour les affaires urgentes. Le Conseil d\u2019Administration peut compl\u00e9ter le bureau en prenant parmi ses membres le responsable de chaque commission, pr\u00e9sent\u00e9 par celle-ci.<\/span><\/p>\n<p class=\"western\"><strong><span style=\"font-family: arial,helvetica,sans-serif;\">Article 9\u00a0: Attributions du Conseil d\u2019Administration<\/span><\/strong><\/p>\n<p class=\"western\"><span style=\"font-family: arial,helvetica,sans-serif;\">Le Conseil d\u2019Administration fixe le si\u00e8ge de l\u2019ASTI comme pr\u00e9vu article 2.<\/span><\/p>\n<p class=\"western\"><span style=\"font-family: arial,helvetica,sans-serif;\">Il \u00e9tablit un r\u00e8glement int\u00e9rieur pour toutes les modalit\u00e9s de fonctionnement non mentionn\u00e9es dans les pr\u00e9sents statuts. <\/span><br \/>\n<span style=\"font-family: arial,helvetica,sans-serif;\">Il arr\u00eate et g\u00e8re les biens et les int\u00e9r\u00eats de l\u2019ASTI comme pr\u00e9vu \u00e0 l\u2019article 6.<\/span><br \/>\n<span style=\"font-family: arial,helvetica,sans-serif;\">Pour poursuivre l\u2019\u00e9tude des questions sp\u00e9cialis\u00e9es, il peut cr\u00e9er en son sein et mandater des commissions qui fonctionnent ainsi sous sa responsabilit\u00e9 ou ratifie celles cr\u00e9\u00e9es par l\u2019Assembl\u00e9e G\u00e9n\u00e9rale. <\/span><br \/>\n<span style=\"font-family: arial,helvetica,sans-serif;\">Il doit donner une fois par an, \u00e0 l\u2019Assembl\u00e9e G\u00e9n\u00e9rale, un compte-rendu portant sur l\u2019ensemble de la gestion morale et financi\u00e8re. <\/span><\/p>\n<p class=\"western\"><strong><span style=\"font-family: arial,helvetica,sans-serif;\">Article 10\u00a0: Fonctionnement du Conseil d\u2019Administration<\/span><\/strong><\/p>\n<p class=\"western\"><span style=\"font-family: arial,helvetica,sans-serif;\">Le Conseil d\u2019Administration se r\u00e9unit au moins une fois par trimestre sur convocation de son pr\u00e9sident. En fait, il doit fixer lui-m\u00eame la p\u00e9riodicit\u00e9 de ses r\u00e9unions et des r\u00e9unions de son bureau selon les n\u00e9cessit\u00e9s du fonctionnement et selon l\u2019exigence des circonstances. <\/span><br \/>\n<span style=\"font-family: arial,helvetica,sans-serif;\">La r\u00e9union du bureau qui pr\u00e9c\u00e8de celle du conseil en fixe l\u2019ordre du jour en y joignant \u00e9ventuellement une note pr\u00e9paratoire \u00e0 toute d\u00e9cision importante.<\/span><\/p>\n<p class=\"western\"><span style=\"font-family: arial,helvetica,sans-serif;\">La pr\u00e9sence de la moiti\u00e9, plus un, des membres \u00e9lus est le quorum n\u00e9cessaire pour la validit\u00e9 de ses d\u00e9lib\u00e9rations et pour prendre ses d\u00e9cisions \u00e0 la majorit\u00e9 relative. En cas de partage, la voix du pr\u00e9sident de s\u00e9ance est pr\u00e9pond\u00e9rante.<\/span><\/p>\n<p class=\"western\"><span style=\"font-family: arial,helvetica,sans-serif;\">Tout membre du Conseil d\u2019Administration n\u2019aura pas assist\u00e9 \u00e0 trois s\u00e9ances cons\u00e9cutives pourra \u00eatre consid\u00e9r\u00e9 comme d\u00e9missionnaire. <\/span><br \/>\n<span style=\"font-family: arial,helvetica,sans-serif;\">Il est tenu proc\u00e8s-verbal des s\u00e9ances sur un registre sp\u00e9cial pouvant \u00eatre consult\u00e9 par tout membre de l\u2019ASTI. Le proc\u00e8s-verbal est diffus\u00e9 \u00e0 tous les conseillers.<\/span><\/p>\n<p class=\"western\"><strong><span style=\"font-family: arial,helvetica,sans-serif;\">Article 11\u00a0: Repr\u00e9sentation<\/span><\/strong><\/p>\n<p class=\"western\"><span style=\"font-family: arial,helvetica,sans-serif;\">L\u2019ASTI est repr\u00e9sent\u00e9e en justice et aupr\u00e8s des administrations, pouvoirs publics, des institutions semi-publiques ou priv\u00e9es, par le pr\u00e9sident ou tout autre membre d\u00e9sign\u00e9 par le Conseil d\u2019Administration et auquel le pr\u00e9sident d\u00e9l\u00e8gue ses pouvoirs \u00e0 cet effet. <\/span><\/p>\n<p class=\"western\"><strong><span style=\"font-family: arial,helvetica,sans-serif;\">Article 12\u00a0: Assembl\u00e9e G\u00e9n\u00e9rale<\/span><\/strong><\/p>\n<p class=\"western\"><span style=\"font-family: arial,helvetica,sans-serif;\">L\u2019Assembl\u00e9e G\u00e9n\u00e9rale ordinaire rassemble une fois par an tous les membres de l\u2019ASTI. Quinze jours avant la date fix\u00e9e, les membres de l\u2019ASTI sont convoqu\u00e9s par le Conseil d\u2019Administration, avec indication de l\u2019ordre du jour fix\u00e9 par celui-ci.\u00a0<\/span><\/p>\n<p class=\"western\"><span style=\"font-family: arial,helvetica,sans-serif;\">Le bureau sortant de l\u2019ASTI est celui de l\u2019Assembl\u00e9e G\u00e9n\u00e9rale charg\u00e9 du d\u00e9roulement de l\u2019ordre du jour.<\/span><\/p>\n<p class=\"western\"><span style=\"font-family: arial,helvetica,sans-serif;\">L\u2019Assembl\u00e9e G\u00e9n\u00e9rale se prononce, d\u2019une part sur les comptes-rendus de la gestion morale et financi\u00e8re, et d\u2019autre part sur les orientations et les projets d\u2019activit\u00e9s.<\/span><\/p>\n<p class=\"western\"><span style=\"font-family: arial,helvetica,sans-serif;\">Il est proc\u00e9d\u00e9 \u00e0 l\u2019\u00e9lection du Conseil d\u2019Administration au scrutin secret, sur acte de candidature adress\u00e9 au pr\u00e9sident (huit jours francs \u00e0 avant l\u2019Assembl\u00e9e G\u00e9n\u00e9rale. <\/span><br \/>\n<span style=\"font-family: arial,helvetica,sans-serif;\">toutes les d\u00e9cisions de l\u2019Assembl\u00e9e G\u00e9n\u00e9rale sont prises \u00e0 la majorit\u00e9 des membres pr\u00e9sents ou repr\u00e9sent\u00e9s, \u00e0 jour de leur cotisation. <\/span><br \/>\n<span style=\"font-family: arial,helvetica,sans-serif;\">Les votes par pouvoirs (2 au plus par membres) sont admis sur pr\u00e9sentation du pouvoir d\u00fbment renseign\u00e9 et sign\u00e9. <\/span><br \/>\n<span style=\"font-family: arial,helvetica,sans-serif;\">L\u2019Assembl\u00e9e G\u00e9n\u00e9rale peut \u00eatre r\u00e9unie en Assembl\u00e9e Extraordinaire \u00e0 la demande de la moiti\u00e9 plus un des membres inscrits ayant voix d\u00e9lib\u00e9rative, ou sur d\u00e9cision \u00e0 la majorit\u00e9 absolue du Conseil d\u2019Administration. <\/span><\/p>\n<p class=\"western\"><strong><span style=\"font-family: arial,helvetica,sans-serif;\">Article 13\u00a0: Modification des statuts<\/span><\/strong><\/p>\n<p class=\"western\"><span style=\"font-family: arial,helvetica,sans-serif;\">Les modifications aux pr\u00e9sents statuts sont propos\u00e9s par le Conseil d\u2019Administration ou \u00e0 la majorit\u00e9 des membres inscrits ayant voix absolue des membres pr\u00e9sents ou repr\u00e9sent\u00e9s.<\/span><\/p>\n<p class=\"western\"><strong><span style=\"font-family: arial,helvetica,sans-serif;\">Article 14\u00a0: Affiliation<\/span><\/strong><\/p>\n<p class=\"western\"><span style=\"font-family: arial,helvetica,sans-serif;\">L\u2019ASTI est affili\u00e9e \u00e0 la FASTI (F\u00e9d\u00e9ration des Associations de Solidarit\u00e9s avec Tout-te-s les Immigr\u00e9-e-s) d\u00e8s sa cr\u00e9ation. L\u2019ASTI accepte les orientations d\u00e9finies en congr\u00e8s par les instances de la FASTI. <\/span><\/p>\n<p><strong><span style=\"font-family: arial,helvetica,sans-serif;\">Article 15\u00a0: Dissolution<\/span><\/strong><\/p>\n<p class=\"western\"><span style=\"font-family: arial,helvetica,sans-serif;\">La dissolution de l\u2019ASTI est propos\u00e9e par le Conseil d\u2019Administration et d\u00e9cid\u00e9e par une Assembl\u00e9e G\u00e9n\u00e9rale convoqu\u00e9e sp\u00e9cialement \u00e0 ce effet, \u00e0 laquelle doivent \u00eatre pr\u00e9sents ou repr\u00e9sent\u00e9s les deux tiers des membres inscrits, ayant voix d\u00e9lib\u00e9rative.<\/span><\/p>\n<p class=\"western\"><span style=\"font-family: arial,helvetica,sans-serif;\">Si cette proportion n\u2019est pas atteinte, l\u2019Assembl\u00e9e est convoqu\u00e9e \u00e0 nouveau dans le d\u00e9lai d\u2019un mois et peut alors d\u00e9lib\u00e9rer valablement quel que soit le nombre des personnes pr\u00e9sentes ou repr\u00e9sent\u00e9es.<\/span><\/p>\n<p class=\"western\"><span style=\"font-family: arial,helvetica,sans-serif;\">Dans ce cas, la dissolution ne peut \u00eatre prononc\u00e9e qu\u2019\u00e0 la majorit\u00e9 des deux tiers des membres volants.<\/span><\/p>\n<p class=\"western\"><a name=\"_GoBack\"><\/a><span style=\"font-family: arial,helvetica,sans-serif;\"> Dans ce cas, un ou plusieurs liquidateurs sont nomm\u00e9s par l\u2019Assembl\u00e9e G\u00e9n\u00e9rale. L\u2019actif des biens de l\u2019ASTI, s\u2019il existe, est d\u00e9volu conform\u00e9ment \u00e0 l\u2019article 9 de la loi du 1<sup>er<\/sup> juillet 1901 et du d\u00e9cret du 16 ao\u00fbt 1901.<\/span><\/p>\n","protected":false},"excerpt":{"rendered":"<p>Article 1\u00a0: Fondation Conform\u00e9ment \u00e0 la loi du 1er juillet 1901 et au d\u00e9cret du 16 ao\u00fbt 1901, il est fond\u00e9 entre les adh\u00e9rents aux pr\u00e9sents statuts, une association sans but lucratif, \u00e0 dur\u00e9e limit\u00e9e. Article 2\u00a0: Titre et si\u00e8ge social Cette association prend le titre\u00a0: l\u2019Association de Solidarit\u00e9s avec Tou-te-s les Immigr\u00e9-e-s d\u00e9sign\u00e9e ci-apr\u00e8s [&hellip;]<\/p>\n","protected":false},"author":1,"featured_media":0,"parent":14,"menu_order":0,"comment_status":"closed","ping_status":"closed","template":"","meta":{"footnotes":""},"class_list":["post-409","page","type-page","status-publish","hentry"],"yoast_head":"<!-- This site is optimized with the Yoast SEO plugin v27.5 - https:\/\/yoast.com\/product\/yoast-seo-wordpress\/ -->\n<title>Statuts de l&#039;association - ASTI 71<\/title>\n<meta name=\"description\" content=\"Statuts de l&#039;ASTI 71\" \/>\n<meta name=\"robots\" content=\"index, follow, max-snippet:-1, max-image-preview:large, max-video-preview:-1\" \/>\n<link rel=\"canonical\" href=\"https:\/\/asti71.org\/index.php\/lasti\/statuts-de-lassociation\/\" \/>\n<meta property=\"og:locale\" content=\"fr_FR\" \/>\n<meta property=\"og:type\" content=\"article\" \/>\n<meta property=\"og:title\" content=\"Statuts de l&#039;association - ASTI 71\" \/>\n<meta property=\"og:description\" content=\"Statuts de l&#039;ASTI 71\" \/>\n<meta property=\"og:url\" content=\"https:\/\/asti71.org\/index.php\/lasti\/statuts-de-lassociation\/\" \/>\n<meta property=\"og:site_name\" content=\"ASTI 71\" \/>\n<meta property=\"article:publisher\" content=\"https:\/\/www.facebook.com\/asti.chalon\/\" \/>\n<meta property=\"article:modified_time\" content=\"2025-10-31T11:15:44+00:00\" \/>\n<meta name=\"twitter:card\" content=\"summary_large_image\" \/>\n<meta name=\"twitter:label1\" content=\"Dur\u00e9e de lecture estim\u00e9e\" \/>\n\t<meta name=\"twitter:data1\" content=\"7 minutes\" \/>\n<script type=\"application\/ld+json\" class=\"yoast-schema-graph\">{\"@context\":\"https:\\\/\\\/schema.org\",\"@graph\":[{\"@type\":\"WebPage\",\"@id\":\"https:\\\/\\\/asti71.org\\\/index.php\\\/lasti\\\/statuts-de-lassociation\\\/\",\"url\":\"https:\\\/\\\/asti71.org\\\/index.php\\\/lasti\\\/statuts-de-lassociation\\\/\",\"name\":\"Statuts de l'association - ASTI 71\",\"isPartOf\":{\"@id\":\"https:\\\/\\\/asti71.org\\\/#website\"},\"datePublished\":\"2017-11-08T17:10:14+00:00\",\"dateModified\":\"2025-10-31T11:15:44+00:00\",\"description\":\"Statuts de l'ASTI 71\",\"breadcrumb\":{\"@id\":\"https:\\\/\\\/asti71.org\\\/index.php\\\/lasti\\\/statuts-de-lassociation\\\/#breadcrumb\"},\"inLanguage\":\"fr-FR\",\"potentialAction\":[{\"@type\":\"ReadAction\",\"target\":[\"https:\\\/\\\/asti71.org\\\/index.php\\\/lasti\\\/statuts-de-lassociation\\\/\"]}]},{\"@type\":\"BreadcrumbList\",\"@id\":\"https:\\\/\\\/asti71.org\\\/index.php\\\/lasti\\\/statuts-de-lassociation\\\/#breadcrumb\",\"itemListElement\":[{\"@type\":\"ListItem\",\"position\":1,\"name\":\"Accueil\",\"item\":\"https:\\\/\\\/asti71.org\\\/\"},{\"@type\":\"ListItem\",\"position\":2,\"name\":\"L&rsquo;ASTI\",\"item\":\"https:\\\/\\\/asti71.org\\\/index.php\\\/lasti\\\/\"},{\"@type\":\"ListItem\",\"position\":3,\"name\":\"Statuts de l&rsquo;association\"}]},{\"@type\":\"WebSite\",\"@id\":\"https:\\\/\\\/asti71.org\\\/#website\",\"url\":\"https:\\\/\\\/asti71.org\\\/\",\"name\":\"ASTI 71\",\"description\":\"\",\"publisher\":{\"@id\":\"https:\\\/\\\/asti71.org\\\/#organization\"},\"potentialAction\":[{\"@type\":\"SearchAction\",\"target\":{\"@type\":\"EntryPoint\",\"urlTemplate\":\"https:\\\/\\\/asti71.org\\\/?s={search_term_string}\"},\"query-input\":{\"@type\":\"PropertyValueSpecification\",\"valueRequired\":true,\"valueName\":\"search_term_string\"}}],\"inLanguage\":\"fr-FR\"},{\"@type\":\"Organization\",\"@id\":\"https:\\\/\\\/asti71.org\\\/#organization\",\"name\":\"ASTI 71\",\"url\":\"https:\\\/\\\/asti71.org\\\/\",\"logo\":{\"@type\":\"ImageObject\",\"inLanguage\":\"fr-FR\",\"@id\":\"https:\\\/\\\/asti71.org\\\/#\\\/schema\\\/logo\\\/image\\\/\",\"url\":\"https:\\\/\\\/asti71.org\\\/wp-content\\\/uploads\\\/2017\\\/10\\\/cropped-logo-e1508600698583.png\",\"contentUrl\":\"https:\\\/\\\/asti71.org\\\/wp-content\\\/uploads\\\/2017\\\/10\\\/cropped-logo-e1508600698583.png\",\"width\":100,\"height\":67,\"caption\":\"ASTI 71\"},\"image\":{\"@id\":\"https:\\\/\\\/asti71.org\\\/#\\\/schema\\\/logo\\\/image\\\/\"},\"sameAs\":[\"https:\\\/\\\/www.facebook.com\\\/asti.chalon\\\/\"]}]}<\/script>\n<!-- \/ Yoast SEO plugin. -->","yoast_head_json":{"title":"Statuts de l'association - ASTI 71","description":"Statuts de l'ASTI 71","robots":{"index":"index","follow":"follow","max-snippet":"max-snippet:-1","max-image-preview":"max-image-preview:large","max-video-preview":"max-video-preview:-1"},"canonical":"https:\/\/asti71.org\/index.php\/lasti\/statuts-de-lassociation\/","og_locale":"fr_FR","og_type":"article","og_title":"Statuts de l'association - ASTI 71","og_description":"Statuts de l'ASTI 71","og_url":"https:\/\/asti71.org\/index.php\/lasti\/statuts-de-lassociation\/","og_site_name":"ASTI 71","article_publisher":"https:\/\/www.facebook.com\/asti.chalon\/","article_modified_time":"2025-10-31T11:15:44+00:00","twitter_card":"summary_large_image","twitter_misc":{"Dur\u00e9e de lecture estim\u00e9e":"7 minutes"},"schema":{"@context":"https:\/\/schema.org","@graph":[{"@type":"WebPage","@id":"https:\/\/asti71.org\/index.php\/lasti\/statuts-de-lassociation\/","url":"https:\/\/asti71.org\/index.php\/lasti\/statuts-de-lassociation\/","name":"Statuts de l'association - ASTI 71","isPartOf":{"@id":"https:\/\/asti71.org\/#website"},"datePublished":"2017-11-08T17:10:14+00:00","dateModified":"2025-10-31T11:15:44+00:00","description":"Statuts de l'ASTI 71","breadcrumb":{"@id":"https:\/\/asti71.org\/index.php\/lasti\/statuts-de-lassociation\/#breadcrumb"},"inLanguage":"fr-FR","potentialAction":[{"@type":"ReadAction","target":["https:\/\/asti71.org\/index.php\/lasti\/statuts-de-lassociation\/"]}]},{"@type":"BreadcrumbList","@id":"https:\/\/asti71.org\/index.php\/lasti\/statuts-de-lassociation\/#breadcrumb","itemListElement":[{"@type":"ListItem","position":1,"name":"Accueil","item":"https:\/\/asti71.org\/"},{"@type":"ListItem","position":2,"name":"L&rsquo;ASTI","item":"https:\/\/asti71.org\/index.php\/lasti\/"},{"@type":"ListItem","position":3,"name":"Statuts de l&rsquo;association"}]},{"@type":"WebSite","@id":"https:\/\/asti71.org\/#website","url":"https:\/\/asti71.org\/","name":"ASTI 71","description":"","publisher":{"@id":"https:\/\/asti71.org\/#organization"},"potentialAction":[{"@type":"SearchAction","target":{"@type":"EntryPoint","urlTemplate":"https:\/\/asti71.org\/?s={search_term_string}"},"query-input":{"@type":"PropertyValueSpecification","valueRequired":true,"valueName":"search_term_string"}}],"inLanguage":"fr-FR"},{"@type":"Organization","@id":"https:\/\/asti71.org\/#organization","name":"ASTI 71","url":"https:\/\/asti71.org\/","logo":{"@type":"ImageObject","inLanguage":"fr-FR","@id":"https:\/\/asti71.org\/#\/schema\/logo\/image\/","url":"https:\/\/asti71.org\/wp-content\/uploads\/2017\/10\/cropped-logo-e1508600698583.png","contentUrl":"https:\/\/asti71.org\/wp-content\/uploads\/2017\/10\/cropped-logo-e1508600698583.png","width":100,"height":67,"caption":"ASTI 71"},"image":{"@id":"https:\/\/asti71.org\/#\/schema\/logo\/image\/"},"sameAs":["https:\/\/www.facebook.com\/asti.chalon\/"]}]}},"_links":{"self":[{"href":"https:\/\/asti71.org\/index.php\/wp-json\/wp\/v2\/pages\/409","targetHints":{"allow":["GET"]}}],"collection":[{"href":"https:\/\/asti71.org\/index.php\/wp-json\/wp\/v2\/pages"}],"about":[{"href":"https:\/\/asti71.org\/index.php\/wp-json\/wp\/v2\/types\/page"}],"author":[{"embeddable":true,"href":"https:\/\/asti71.org\/index.php\/wp-json\/wp\/v2\/users\/1"}],"replies":[{"embeddable":true,"href":"https:\/\/asti71.org\/index.php\/wp-json\/wp\/v2\/comments?post=409"}],"version-history":[{"count":3,"href":"https:\/\/asti71.org\/index.php\/wp-json\/wp\/v2\/pages\/409\/revisions"}],"predecessor-version":[{"id":517,"href":"https:\/\/asti71.org\/index.php\/wp-json\/wp\/v2\/pages\/409\/revisions\/517"}],"up":[{"embeddable":true,"href":"https:\/\/asti71.org\/index.php\/wp-json\/wp\/v2\/pages\/14"}],"wp:attachment":[{"href":"https:\/\/asti71.org\/index.php\/wp-json\/wp\/v2\/media?parent=409"}],"curies":[{"name":"wp","href":"https:\/\/api.w.org\/{rel}","templated":true}]}}